{"id":194,"date":"2017-01-11T14:44:55","date_gmt":"2017-01-11T14:44:55","guid":{"rendered":"http:\/\/www.landsbygdsturism.se\/?page_id=194"},"modified":"2018-04-12T10:36:42","modified_gmt":"2018-04-12T10:36:42","slug":"huslakarnas-halsocentral","status":"publish","type":"page","link":"https:\/\/www.landsbygdsturism.se\/sv\/service\/huslakarnas-halsocentral\/","title":{"rendered":"Husl\u00e4karnas H\u00e4lsocentral, Tavelsj\u00f6"},"content":{"rendered":"<p><b>V\u00e4lkommen till v\u00e5r nya filialmottagning i Tavelsj\u00f6 som invigdes den 1 april 2014. <\/b><\/p>\n<p>Husl\u00e4karnas huvudverksamhet \u00e4r f\u00f6rlagd till mottagningen i Ume\u00e5 men syftet \u00e4r att verka f\u00f6r en god och mer h\u00e5llbar h\u00e4lso- och sjukv\u00e5rd p\u00e5 landsbygden. F\u00f6rr bidrog distriktssk\u00f6terske-mottagningen till att skapa trygghet p\u00e5 m\u00e5nga mindre platser &#8211; i dag \u00e4r de flesta nedlagda.<\/p>\n<p>Husl\u00e4karna \u00f6nskar genom sin satsning v\u00e4nda trenden och verka f\u00f6r god h\u00e4lso- och sjukv\u00e5rd i synnerhet f\u00f6r \u00e4ldre och multisjuka och skapa trygghet f\u00f6r att kunna bo kvar i bygden.<\/p>\n<p>V\u00e5r m\u00e5ls\u00e4ttning \u00e4r att efterhand utv\u00e4rdera bygdens behov av h\u00e4lso- och sjukv\u00e5rd. Vi inleder med att erbjuda distriktssk\u00f6terskeinsatser tre dagar i veckan \u2013 tisdag till torsdag kl 9-15.<\/p>\n<p>Vi hoppas p\u00e5 det s\u00e4ttet vara en del av Tavelsj\u00f6bygdens utveckling \u2013 d\u00e4r lyfta vikten av en god sjukv\u00e5rd och f\u00f6rebyggande h\u00e4lsobefr\u00e4mjande insatser.<\/p>\n<p><b>\u00d6ppettider<\/b><br \/>\nTisdag \u2013 torsdag kl 09.00-15.00<br \/>\nLunchst\u00e4ngt kl 12.00-13.00<\/p>\n<p><b>Telefontid<\/b><br \/>\nTisdag och Onsdag kl 08.15-09.00<br \/>\n090-785 76 30<br \/>\n(\u00f6vrig tid svarar vi n\u00e4r vi kan)<\/p>\n<p><b>\u00d6ppen distriktssk\u00f6terskemottaning<\/b><br \/>\nTisdag \u2013 Torsdag kl 09.00-10.00<\/p>\n<p><b>Drop<\/b><b>-in<\/b><b> provtagning f\u00f6r ordinerade <\/b><b>blodprover<\/b><br \/>\nTisdag och Torsdag kl 09.00-10.00<\/p>\n<p><strong>Kontakt<\/strong><br \/>\nStrandv\u00e4gen 31<br \/>\n922 62 Tavelsj\u00f6<br \/>\n090-785 93 88<\/p>\n<p><a href=\"http:\/\/www.huslakarna-umea.se\">www.huslakarna-umea.se<\/a><\/p>\n<p><b>Geokoordinater<\/b><\/p>\n<p>Lat. 64.0369, Long. 20.0523<\/p>","protected":false},"excerpt":{"rendered":"<p>V\u00e4lkommen till v\u00e5r nya filialmottagning i Tavelsj\u00f6 som invigdes den 1 april 2014. Husl\u00e4karnas huvudverksamhet \u00e4r f\u00f6rlagd till mottagningen i Ume\u00e5 men syftet \u00e4r att verka f\u00f6r en god och <a class=\"more-link\" href=\"https:\/\/www.landsbygdsturism.se\/sv\/service\/huslakarnas-halsocentral\/\">Continue Reading \u2192<\/a><\/p>\n","protected":false},"author":2,"featured_media":0,"parent":180,"menu_order":0,"comment_status":"closed","ping_status":"closed","template":"","meta":[],"_links":{"self":[{"href":"https:\/\/www.landsbygdsturism.se\/sv\/wp-json\/wp\/v2\/pages\/194"}],"collection":[{"href":"https:\/\/www.landsbygdsturism.se\/sv\/wp-json\/wp\/v2\/pages"}],"about":[{"href":"https:\/\/www.landsbygdsturism.se\/sv\/wp-json\/wp\/v2\/types\/page"}],"author":[{"embeddable":true,"href":"https:\/\/www.landsbygdsturism.se\/sv\/wp-json\/wp\/v2\/users\/2"}],"replies":[{"embeddable":true,"href":"https:\/\/www.landsbygdsturism.se\/sv\/wp-json\/wp\/v2\/comments?post=194"}],"version-history":[{"count":7,"href":"https:\/\/www.landsbygdsturism.se\/sv\/wp-json\/wp\/v2\/pages\/194\/revisions"}],"predecessor-version":[{"id":995,"href":"https:\/\/www.landsbygdsturism.se\/sv\/wp-json\/wp\/v2\/pages\/194\/revisions\/995"}],"up":[{"embeddable":true,"href":"https:\/\/www.landsbygdsturism.se\/sv\/wp-json\/wp\/v2\/pages\/180"}],"wp:attachment":[{"href":"https:\/\/www.landsbygdsturism.se\/sv\/wp-json\/wp\/v2\/media?parent=194"}],"curies":[{"name":"wp","href":"https:\/\/api.w.org\/{rel}","templated":true}]}}